{"id":800,"date":"2025-10-05T17:02:06","date_gmt":"2025-10-05T16:02:06","guid":{"rendered":"https:\/\/cu4trobikes.es\/?page_id=800"},"modified":"2025-10-05T17:05:08","modified_gmt":"2025-10-05T16:05:08","slug":"savethedatetourdefrance2026barcelona","status":"publish","type":"page","link":"https:\/\/cu4trobikes.es\/index.php\/savethedatetourdefrance2026barcelona\/","title":{"rendered":"SaveTheDateTourDeFrance2026Barcelona"},"content":{"rendered":"\n<div class=\"wp-block-uagb-container uagb-block-aee790b5 alignfull uagb-is-root-container\"><div class=\"uagb-container__video-wrap\"><video autoplay loop muted playsinline><source src=\"https:\/\/cu4trobikes.es\/wp-content\/uploads\/2025\/09\/VideoTopSancCugatRide.mp4\" type=\"video\/mp4\"\/><\/video><\/div><div class=\"uagb-container-inner-blocks-wrap\"><\/div><\/div>\n\n\n\n<div class=\"wp-block-uagb-container uagb-block-08248bc0 alignfull uagb-is-root-container\"><div class=\"uagb-container-inner-blocks-wrap\">\n<div class=\"wp-block-uagb-container uagb-block-fe4df890\">\n<p>LA SANT CUGAT RIDE &#8211; BARCELONA. <br>TOUR DE FRANCE 2026<\/p>\n<\/div>\n\n\n\n<div class=\"wp-block-uagb-container uagb-block-cad55f51\">\n<p>7 D\u00cdAS DE CICLISMO, CULTURA, FIESTA y GASTRONOM\u00cdA.<br><\/p>\n<\/div>\n\n\n\n<div class=\"wp-block-uagb-container uagb-block-0afba380\">\n<p>DEL 29 DE JUNIO AL 5 DE JULIO 2026<\/p>\n<\/div>\n<\/div><\/div>\n\n\n\n<div class=\"wp-block-uagb-container uagb-block-ddcb75a1 alignfull uagb-is-root-container\"><div class=\"uagb-container-inner-blocks-wrap\">\n<div class=\"wp-block-uagb-container uagb-block-e6f76480\">\n<p class=\"has-ast-global-color-1-color has-text-color has-link-color wp-elements-6e26845c44b9172f5d275d588981f925\"><strong>\u00danete a nuestra aventura en Barcelona: Rueda, explora y vive el Tour de France 2026.<\/strong><\/p>\n\n\n\n<p>Hemos dise\u00f1ado una experiencia de 7 d\u00edas para que combines tu pasi\u00f3n por el ciclismo con la inmersi\u00f3n en la cultura local. Prep\u00e1rate para pedalear por paisajes de ensue\u00f1o y presenciar, en primera fila, las dos primeras etapas del Tour de France. Esto no es solo un viaje, es la oportunidad de vivir la carrera m\u00e1s ic\u00f3nica del mundo.<\/p>\n<\/div>\n\n\n\n<div class=\"wp-block-uagb-container uagb-block-7703a7dc\">\n<div class=\"wp-block-uagb-image uagb-block-2bd8349f wp-block-uagb-image--layout-default wp-block-uagb-image--effect-static wp-block-uagb-image--align-none\"><figure class=\"wp-block-uagb-image__figure\"><img decoding=\"async\" srcset=\"https:\/\/cu4trobikes.es\/wp-content\/uploads\/2025\/09\/544518887_10162218880132807_2846224333447545596_n-1-768x1024.jpg ,https:\/\/cu4trobikes.es\/wp-content\/uploads\/2025\/09\/544518887_10162218880132807_2846224333447545596_n-1.jpg 780w, https:\/\/cu4trobikes.es\/wp-content\/uploads\/2025\/09\/544518887_10162218880132807_2846224333447545596_n-1.jpg 360w\" sizes=\"auto, (max-width: 480px) 150px\" src=\"https:\/\/cu4trobikes.es\/wp-content\/uploads\/2025\/09\/544518887_10162218880132807_2846224333447545596_n-1-768x1024.jpg\" alt=\"\" class=\"uag-image-658\" width=\"1536\" height=\"2048\" title=\"544518887_10162218880132807_2846224333447545596_n-1\" loading=\"lazy\" role=\"img\"\/><\/figure><\/div>\n<\/div>\n<\/div><\/div>\n\n\n\n<div class=\"wp-block-uagb-container uagb-block-147ac3af alignfull uagb-is-root-container\"><div class=\"uagb-container-inner-blocks-wrap\">\n<div class=\"wp-block-group is-layout-constrained wp-block-group-is-layout-constrained\">\n<p class=\"has-ast-global-color-1-color has-text-color has-link-color has-large-font-size wp-elements-7093ebcb06b75c8c9ccb5578d7be43a2\" style=\"margin-top:0;margin-right:0;margin-bottom:0;margin-left:0\"><strong>Las Claves de una Aventura Inolvidable<\/strong><\/p>\n\n\n\n<p>Cada detalle de esta experiencia est\u00e1 dise\u00f1ado para fusionar tu pasi\u00f3n por la bicicleta con la emoci\u00f3n de los escenarios m\u00e1s ic\u00f3nicos de Barcelona y el Tour de France.<\/p>\n<\/div>\n<\/div><\/div>\n\n\n\n<div class=\"wp-block-uagb-container uagb-block-cf9b9496 alignfull uagb-is-root-container\"><div class=\"uagb-container-inner-blocks-wrap\">\n<div class=\"wp-block-uagb-container uagb-block-c25be588\">\n<figure class=\"wp-block-image size-large\"><img loading=\"lazy\" decoding=\"async\" width=\"1024\" height=\"683\" src=\"https:\/\/cu4trobikes.es\/wp-content\/uploads\/2025\/09\/IMG_2789-1024x683.jpg\" alt=\"\" class=\"wp-image-660\" srcset=\"https:\/\/cu4trobikes.es\/wp-content\/uploads\/2025\/09\/IMG_2789-1024x683.jpg 1024w, https:\/\/cu4trobikes.es\/wp-content\/uploads\/2025\/09\/IMG_2789-300x200.jpg 300w, https:\/\/cu4trobikes.es\/wp-content\/uploads\/2025\/09\/IMG_2789-600x400.jpg 600w, https:\/\/cu4trobikes.es\/wp-content\/uploads\/2025\/09\/IMG_2789-768x512.jpg 768w, https:\/\/cu4trobikes.es\/wp-content\/uploads\/2025\/09\/IMG_2789-1536x1024.jpg 1536w, https:\/\/cu4trobikes.es\/wp-content\/uploads\/2025\/09\/IMG_2789.jpg 2048w\" sizes=\"auto, (max-width: 1024px) 100vw, 1024px\" \/><\/figure>\n<\/div>\n\n\n\n<div class=\"wp-block-uagb-container uagb-block-accd3b07\">\n<ul class=\"wp-block-list\">\n<li><strong>Pedalea por la grandeza de Barcelona:<\/strong> Recorre los paisajes m\u00e1s espectaculares, desde las desafiantes monta\u00f1as de Collserola y Montserrat hasta el ic\u00f3nico paseo mar\u00edtimo de la ciudad, uniendo la belleza de las monta\u00f1as catalanas con el espectacular Mar Mediterr\u00e1neo.<\/li>\n\n\n\n<li><strong>Vive la leyenda del Tour de France:<\/strong> Siente la adrenalina en vivo y en directo. Ser\u00e1s testigo de las dos primeras etapas de la carrera m\u00e1s grande del mundo, una experiencia que ning\u00fan ciclista deber\u00eda perderse.<\/li>\n\n\n\n<li><strong>Sum\u00e9rgete en la cultura y la gastronom\u00eda:<\/strong> Deja que Barcelona te enamore. Descubre los tesoros arquitect\u00f3nicos de Gaud\u00ed, explora sus rincones con historia y deleita tu paladar con la aut\u00e9ntica gastronom\u00eda local.<\/li>\n\n\n\n<li><strong>Conecta con una comunidad de apasionados:<\/strong> Comparte cada kil\u00f3metro y cada an\u00e9cdota con un grupo de ciclistas que, como t\u00fa, viven y respiran la pasi\u00f3n por este deporte. Es una aventura que se disfruta mejor en compa\u00f1\u00eda.<\/li>\n<\/ul>\n<\/div>\n<\/div><\/div>\n\n\n\n<div class=\"wp-block-uagb-container uagb-block-05a9e4ef alignfull uagb-is-root-container\"><div class=\"uagb-container-inner-blocks-wrap\">\n<p class=\"has-ast-global-color-1-color has-text-color has-link-color has-large-font-size wp-elements-e91490253c7c975ba27f6c49f5cd4342\" style=\"margin-top:0;margin-right:var(--wp--preset--spacing--50);margin-bottom:0;margin-left:var(--wp--preset--spacing--50)\"><strong>Itinerario<\/strong><\/p>\n<\/div><\/div>\n\n\n\n<div class=\"wp-block-uagb-container uagb-block-aec10152 alignfull uagb-is-root-container\"><div class=\"uagb-container-inner-blocks-wrap\">\n<div class=\"wp-block-uagb-container uagb-block-392c0b14\">\n<div class=\"wp-block-group is-layout-constrained wp-block-group-is-layout-constrained\">\n<p class=\"has-large-font-size\" style=\"margin-top:0;margin-right:0;margin-bottom:0;margin-left:0\"><strong>DIA 1<\/strong><\/p>\n\n\n\n<p style=\"margin-top:0;margin-right:0;margin-bottom:0;margin-left:0\"><strong>Tu llegada a Catalu\u00f1a<\/strong><\/p>\n\n\n\n<p style=\"margin-top:0;margin-right:0;margin-bottom:0;margin-left:0\">Tu viaje de aventura empieza en el momento en que aterrizas. Te recibiremos en el aeropuerto para llevarte a tu hotel en Sant Cugat. El primer d\u00eda es para que te relajes, te instales y disfrutes de una c\u00e1lida bienvenida. Deja atr\u00e1s las preocupaciones y prep\u00e1rate para una semana de ciclismo, cultura y gastronom\u00eda.<br>Adem\u00e1s te haremos entrega de tu kit de participante y para los que hayan contratado el alquiler de bicicleta, tambi\u00e9n ser\u00e1 momento de tener todo a punto para el otro d\u00eda.<\/p>\n<\/div>\n<\/div>\n\n\n\n<div class=\"wp-block-uagb-container uagb-block-64e484b8\">\n<div class=\"wp-block-uagb-image uagb-block-7288eed5 wp-block-uagb-image--layout-default wp-block-uagb-image--effect-static wp-block-uagb-image--align-none\"><figure class=\"wp-block-uagb-image__figure\"><img decoding=\"async\" srcset=\"https:\/\/cu4trobikes.es\/wp-content\/uploads\/2025\/10\/WhatsApp-Image-2025-10-05-at-13.42.37-768x1024.jpeg ,https:\/\/cu4trobikes.es\/wp-content\/uploads\/2025\/10\/WhatsApp-Image-2025-10-05-at-13.42.37.jpeg 780w, https:\/\/cu4trobikes.es\/wp-content\/uploads\/2025\/10\/WhatsApp-Image-2025-10-05-at-13.42.37.jpeg 360w\" sizes=\"auto, (max-width: 480px) 150px\" src=\"https:\/\/cu4trobikes.es\/wp-content\/uploads\/2025\/10\/WhatsApp-Image-2025-10-05-at-13.42.37-768x1024.jpeg\" alt=\"\" class=\"uag-image-797\" width=\"1512\" height=\"2016\" title=\"WhatsApp Image 2025-10-05 at 13.42.37\" loading=\"lazy\" role=\"img\"\/><\/figure><\/div>\n<\/div>\n<\/div><\/div>\n\n\n\n<div class=\"wp-block-uagb-container uagb-block-3dff028a alignfull uagb-is-root-container\"><div class=\"uagb-container-inner-blocks-wrap\">\n<div class=\"wp-block-uagb-container uagb-block-14ff0acd\">\n<div class=\"wp-block-group is-layout-constrained wp-block-group-is-layout-constrained\">\n<p class=\"has-large-font-size\" style=\"margin-top:0;margin-right:0;margin-bottom:0;margin-left:0\"><strong>DIA <\/strong>2<\/p>\n\n\n\n<p style=\"margin-top:0;margin-bottom:0;padding-top:0;padding-bottom:0\"><strong>Barcelona a tus pies<\/strong><\/p>\n\n\n\n<p style=\"margin-top:0;margin-bottom:0\">Nos ponemos en marcha para la primera gran rodada. El destino: el majestuoso Tibidabo. A medida que asciendes, la ciudad de Barcelona se despliega ante tus ojos, regal\u00e1ndote una vista panor\u00e1mica que te dejar\u00e1 sin aliento. Es una rodada desafiante pero la recompensa visual lo vale todo.<br><br>&#8211; Rodada del d\u00eda: Sant Cugat &#8211; Tibidabo -Sant Cugat<br>&#8211; Distancia: 44 km<br>&#8211; Desnivel acumulado: 780 m <br>&#8211; Tiempo efectivo: 2 h 30 min<br>&#8211; Tiempo total 3 h 00 min<br><br>Por la tarde, nos sumergiremos en la historia y la arquitectura local con una visita al impresionante <strong>Monasterio de Sant Cugat<\/strong>, una joya rom\u00e1nica con un claustro excepcional.<\/p>\n<\/div>\n<\/div>\n\n\n\n<div class=\"wp-block-uagb-container uagb-block-ca482b2d\">\n<figure class=\"wp-block-image size-large\"><img loading=\"lazy\" decoding=\"async\" width=\"791\" height=\"1024\" src=\"https:\/\/cu4trobikes.es\/wp-content\/uploads\/2025\/09\/pexels-spolyakov-16762185-791x1024.jpg\" alt=\"\" class=\"wp-image-663\" srcset=\"https:\/\/cu4trobikes.es\/wp-content\/uploads\/2025\/09\/pexels-spolyakov-16762185-791x1024.jpg 791w, https:\/\/cu4trobikes.es\/wp-content\/uploads\/2025\/09\/pexels-spolyakov-16762185-scaled-300x388.jpg 300w, https:\/\/cu4trobikes.es\/wp-content\/uploads\/2025\/09\/pexels-spolyakov-16762185-scaled-600x777.jpg 600w, https:\/\/cu4trobikes.es\/wp-content\/uploads\/2025\/09\/pexels-spolyakov-16762185-232x300.jpg 232w, https:\/\/cu4trobikes.es\/wp-content\/uploads\/2025\/09\/pexels-spolyakov-16762185-768x994.jpg 768w, https:\/\/cu4trobikes.es\/wp-content\/uploads\/2025\/09\/pexels-spolyakov-16762185-1187x1536.jpg 1187w, https:\/\/cu4trobikes.es\/wp-content\/uploads\/2025\/09\/pexels-spolyakov-16762185-1582x2048.jpg 1582w, https:\/\/cu4trobikes.es\/wp-content\/uploads\/2025\/09\/pexels-spolyakov-16762185-scaled.jpg 1978w\" sizes=\"auto, (max-width: 791px) 100vw, 791px\" \/><\/figure>\n<\/div>\n<\/div><\/div>\n\n\n\n<div class=\"wp-block-uagb-container uagb-block-3a9d4d74 alignfull uagb-is-root-container\"><div class=\"uagb-container-inner-blocks-wrap\">\n<div class=\"wp-block-uagb-container uagb-block-ccfb1cab\">\n<div class=\"wp-block-group is-layout-constrained wp-block-group-is-layout-constrained\">\n<p class=\"has-large-font-size\" style=\"margin-top:0;margin-right:0;margin-bottom:0;margin-left:0\"><strong>DIA <\/strong>3<\/p>\n\n\n\n<p style=\"margin-top:0;margin-bottom:0\"><strong>La joya espiritual de la monta\u00f1a<\/strong><\/p>\n\n\n\n<p style=\"margin-top:0;margin-bottom:0\">Hoy no solo rodar\u00e1s; ascender\u00e1s hacia el majestuoso Monasterio de Montserrat.<\/p>\n\n\n\n<p>Esta ruta es una profunda experiencia que combina la belleza imponente del paisaje con el reto de conquistar esta monta\u00f1a sagrada. Al llegar a la cima, sentir\u00e1s la satisfacci\u00f3n de un logro personal en un lugar de paz y belleza inigualable.<\/p>\n\n\n\n<p>Disfrutaremos de tiempo suficiente para explorar los imprescindibles del complejo:<\/p>\n\n\n\n<p>Coraz\u00f3n del Monasterio: Visita a la Bas\u00edlica y a la venerada Virgen Negra (La Moreneta).<\/p>\n\n\n\n<p>Cultura y Devoci\u00f3n: Paseo por la Plaza de Santa Mar\u00eda, recorrido por el emotivo Camino del Ave Mar\u00eda (cirios), y un vistazo a la historia en el Museo (incluyendo su pel\u00edcula de 20 minutos).<\/p>\n\n\n\n<p style=\"margin-top:0;margin-bottom:0\">Recuerdos: Tiempo libre en la Tienda de Souvenirs.<br><br>Rodada del d\u00eda: Sant Cugat &#8211; Montserrat &#8211; Sant Cugat<br>&#8211; Distancia: 93 km<br>&#8211; Desnivel acumulado: 1400 m<br>&#8211; Tiempo efectivo: 4 h 15 min<br>&#8211; Tiempo total: 6 h 15 min<br><br>Por la noche, cerraremos el d\u00eda disfrutando de una <strong>excepcional experiencia gastron\u00f3mica<\/strong> en uno de los mejores restaurantes de Sant Cugat, donde deleitaremos el paladar con sabores locales.<\/p>\n<\/div>\n<\/div>\n\n\n\n<div class=\"wp-block-uagb-container uagb-block-cb9cd8bc\">\n<div class=\"wp-block-uagb-image uagb-block-17811818 wp-block-uagb-image--layout-default wp-block-uagb-image--effect-static wp-block-uagb-image--align-none\"><figure class=\"wp-block-uagb-image__figure\"><img decoding=\"async\" srcset=\"https:\/\/cu4trobikes.es\/wp-content\/uploads\/2025\/09\/pexels-petra-nesti-1766376-9887942-1024x768.jpg ,https:\/\/cu4trobikes.es\/wp-content\/uploads\/2025\/09\/pexels-petra-nesti-1766376-9887942-scaled.jpg 780w, https:\/\/cu4trobikes.es\/wp-content\/uploads\/2025\/09\/pexels-petra-nesti-1766376-9887942-scaled.jpg 360w\" sizes=\"auto, (max-width: 480px) 150px\" src=\"https:\/\/cu4trobikes.es\/wp-content\/uploads\/2025\/09\/pexels-petra-nesti-1766376-9887942-1024x768.jpg\" alt=\"\" class=\"uag-image-771\" width=\"3575\" height=\"5694\" title=\"pexels-petra-nesti-1766376-9887942\" loading=\"lazy\" role=\"img\"\/><\/figure><\/div>\n<\/div>\n<\/div><\/div>\n\n\n\n<div class=\"wp-block-uagb-container uagb-block-c632433e alignfull uagb-is-root-container\"><div class=\"uagb-container-inner-blocks-wrap\">\n<div class=\"wp-block-uagb-container uagb-block-da3008e9\">\n<div class=\"wp-block-group is-layout-constrained wp-container-core-group-is-layout-95730b41 wp-block-group-is-layout-constrained\" style=\"padding-top:0;padding-bottom:0\">\n<p class=\"has-large-font-size\" style=\"margin-top:0;margin-bottom:0\"><strong>DIA <\/strong>4<\/p>\n\n\n\n<p style=\"margin-top:0;margin-bottom:0\"><strong><strong>Sum\u00e9rgete en la cultura de Barcelona<\/strong><\/strong><\/p>\n\n\n\n<p>Es momento de dejar la bicicleta y vivir el alma de la ciudad. Comenzaremos el d\u00eda con una <strong>visita fascinante al interior de la Sagrada Familia de Gaud\u00ed<\/strong>, donde te maravillar\u00e1s con la genialidad y la luz de esta obra maestra \u00fanica. Posteriormente, nos embarcaremos en un <strong>recorrido en autob\u00fas panor\u00e1mico<\/strong> para admirar las ic\u00f3nicas calles de Barcelona, descubriendo sus joyas arquitect\u00f3nicas y sus vibrantes barrios. Es el d\u00eda perfecto para recargar energ\u00edas y enamorarte de la vida de la capital catalana.<\/p>\n<\/div>\n<\/div>\n\n\n\n<div class=\"wp-block-uagb-container uagb-block-cb60aee5\">\n<figure class=\"wp-block-image size-large\"><img loading=\"lazy\" decoding=\"async\" width=\"684\" height=\"1024\" src=\"https:\/\/cu4trobikes.es\/wp-content\/uploads\/2025\/09\/pexels-mario-cuadros-1166886-2567935-684x1024.jpg\" alt=\"\" class=\"wp-image-665\" srcset=\"https:\/\/cu4trobikes.es\/wp-content\/uploads\/2025\/09\/pexels-mario-cuadros-1166886-2567935-684x1024.jpg 684w, https:\/\/cu4trobikes.es\/wp-content\/uploads\/2025\/09\/pexels-mario-cuadros-1166886-2567935-scaled-300x449.jpg 300w, https:\/\/cu4trobikes.es\/wp-content\/uploads\/2025\/09\/pexels-mario-cuadros-1166886-2567935-scaled-600x899.jpg 600w, https:\/\/cu4trobikes.es\/wp-content\/uploads\/2025\/09\/pexels-mario-cuadros-1166886-2567935-200x300.jpg 200w, https:\/\/cu4trobikes.es\/wp-content\/uploads\/2025\/09\/pexels-mario-cuadros-1166886-2567935-768x1150.jpg 768w, https:\/\/cu4trobikes.es\/wp-content\/uploads\/2025\/09\/pexels-mario-cuadros-1166886-2567935-1025x1536.jpg 1025w, https:\/\/cu4trobikes.es\/wp-content\/uploads\/2025\/09\/pexels-mario-cuadros-1166886-2567935-1367x2048.jpg 1367w, https:\/\/cu4trobikes.es\/wp-content\/uploads\/2025\/09\/pexels-mario-cuadros-1166886-2567935-scaled.jpg 1709w\" sizes=\"auto, (max-width: 684px) 100vw, 684px\" \/><\/figure>\n<\/div>\n<\/div><\/div>\n\n\n\n<div class=\"wp-block-uagb-container uagb-block-de85933e alignfull uagb-is-root-container\"><div class=\"uagb-container-inner-blocks-wrap\">\n<div class=\"wp-block-uagb-container uagb-block-a67949f3\">\n<div class=\"wp-block-group is-layout-constrained wp-block-group-is-layout-constrained\">\n<p class=\"has-large-font-size\" style=\"margin-top:0;margin-bottom:0\"><strong>DIA <\/strong>5<\/p>\n\n\n\n<p style=\"margin-top:0;margin-bottom:0\"><strong><strong><strong>De la monta\u00f1a al mar<\/strong><\/strong><\/strong><\/p>\n\n\n\n<p style=\"margin-top:0;margin-bottom:0\">Cerramos la etapa de ciclismo con una rodada que te llevar\u00e1 de los senderos de Sant Cugat a las playas de Barcelona. Un recorrido que transita de la tranquilidad de la naturaleza a la energ\u00eda del mar. Para celebrar esta \u00faltima rodada, disfrutaremos de una <strong>copa de cava y una deliciosa comida en un aut\u00e9ntico chiringuito<\/strong> en las playas de Barcelona.<\/p>\n\n\n\n<p style=\"margin-top:0;margin-bottom:0\">Al finalizar el d\u00eda regresamos a <strong>Sant Cugat<\/strong> para hacer los preparativos finales. La emoci\u00f3n crece, pues a la ma\u00f1ana siguiente nos espera la <strong>primera etapa del Tour de Francia 2026<\/strong>, una espectacular <strong>crono por equipos<\/strong> que partir\u00e1 directamente desde el coraz\u00f3n de Barcelona.<br><br>&#8211; Rodada del d\u00eda: Sant Cugat &#8211; Playa &#8211; Sant Cugat<br>&#8211; Distancia: 50 km<br>&#8211; Desnivel acumulado: 315 m<br>&#8211; Tiempo efectivo: 3h 0 min<br>&#8211; Tiempo total: 6 h 0 min<\/p>\n<\/div>\n<\/div>\n\n\n\n<div class=\"wp-block-uagb-container uagb-block-4e82aad8\">\n<div class=\"wp-block-uagb-image uagb-block-12c78288 wp-block-uagb-image--layout-default wp-block-uagb-image--effect-static wp-block-uagb-image--align-none\"><figure class=\"wp-block-uagb-image__figure\"><img decoding=\"async\" srcset=\"https:\/\/cu4trobikes.es\/wp-content\/uploads\/2025\/10\/20240317_104636-1024x1024.jpg ,https:\/\/cu4trobikes.es\/wp-content\/uploads\/2025\/10\/20240317_104636.jpg 780w, https:\/\/cu4trobikes.es\/wp-content\/uploads\/2025\/10\/20240317_104636.jpg 360w\" sizes=\"auto, (max-width: 480px) 150px\" src=\"https:\/\/cu4trobikes.es\/wp-content\/uploads\/2025\/10\/20240317_104636-1024x1024.jpg\" alt=\"\" class=\"uag-image-798\" width=\"2048\" height=\"2048\" title=\"20240317_104636\" loading=\"lazy\" role=\"img\"\/><\/figure><\/div>\n<\/div>\n<\/div><\/div>\n\n\n\n<div class=\"wp-block-uagb-container uagb-block-7a1f9cee alignfull uagb-is-root-container\"><div class=\"uagb-container-inner-blocks-wrap\">\n<div class=\"wp-block-uagb-container uagb-block-8295e6ef\">\n<div class=\"wp-block-group is-layout-constrained wp-block-group-is-layout-constrained\">\n<p class=\"has-large-font-size\" style=\"margin-top:0;margin-bottom:0\"><strong>DIA <\/strong>6<\/p>\n\n\n\n<p style=\"margin-top:0;margin-bottom:0\"><strong><strong><strong><strong>La leyenda empieza<\/strong><\/strong><\/strong><\/strong><\/p>\n\n\n\n<p style=\"margin-top:0;margin-bottom:0\">\u00a1El sue\u00f1o se hace realidad! Tendr\u00e1s Barcelona a tus pies para vivir el rugido del p\u00fablico y la adrenalina del pelot\u00f3n en la <strong>primera etapa del Tour de France 2026<\/strong>. Siente la historia, el poder y la velocidad de los ciclistas de \u00e9lite en una jornada que quedar\u00e1 grabada en tu memoria.<\/p>\n\n\n\n<p style=\"margin-top:0;margin-bottom:0\">Por la tarde, nos sumergiremos en el coraz\u00f3n de la ciudad: <strong>caminaremos por la emblem\u00e1tica Rambla de Barcelona<\/strong>, exploraremos los colores y sabores del <strong>famoso Mercado de la Boquer\u00eda<\/strong>, y cerraremos el d\u00eda con broche de oro disfrutando de un <strong>espectacular show de flamenco<\/strong>.<\/p>\n<\/div>\n<\/div>\n\n\n\n<div class=\"wp-block-uagb-container uagb-block-e8930cb1\">\n<div class=\"wp-block-uagb-image uagb-block-496d9e33 wp-block-uagb-image--layout-default wp-block-uagb-image--effect-static wp-block-uagb-image--align-none\"><figure class=\"wp-block-uagb-image__figure\"><img decoding=\"async\" srcset=\"https:\/\/cu4trobikes.es\/wp-content\/uploads\/2025\/09\/20240324-IMG_3927-1024x683.jpg ,https:\/\/cu4trobikes.es\/wp-content\/uploads\/2025\/09\/20240324-IMG_3927.jpg 780w, https:\/\/cu4trobikes.es\/wp-content\/uploads\/2025\/09\/20240324-IMG_3927.jpg 360w\" sizes=\"auto, (max-width: 480px) 150px\" src=\"https:\/\/cu4trobikes.es\/wp-content\/uploads\/2025\/09\/20240324-IMG_3927-1024x683.jpg\" alt=\"\" class=\"uag-image-667\" width=\"1369\" height=\"913\" title=\"\" loading=\"lazy\" role=\"presentation\"\/><\/figure><\/div>\n<\/div>\n<\/div><\/div>\n\n\n\n<div class=\"wp-block-uagb-container uagb-block-3b28f7e4 alignfull uagb-is-root-container\"><div class=\"uagb-container-inner-blocks-wrap\">\n<div class=\"wp-block-uagb-container uagb-block-639b210c\">\n<div class=\"wp-block-group is-layout-constrained wp-block-group-is-layout-constrained\">\n<p class=\"has-large-font-size\" style=\"margin-top:0;margin-bottom:0\"><strong>DIA <\/strong>7<\/p>\n\n\n\n<p style=\"margin-top:0;margin-bottom:0\"><strong>S\u00e9 parte de la historia<\/strong><\/p>\n\n\n\n<p style=\"margin-top:0;margin-bottom:0\">\u00a1El gran final ha llegado! Hoy ser\u00e1s testigo de la emocionante <strong>segunda etapa del Tour de France<\/strong> en Barcelona, despidi\u00e9ndote de la competici\u00f3n con la adrenalina a flor de piel. Cierra tu viaje con la satisfacci\u00f3n de haber sido parte de un evento hist\u00f3rico, uniendo tu pasi\u00f3n por el ciclismo con la grandeza de la competici\u00f3n. Es la despedida perfecta de una semana inolvidable.<\/p>\n\n\n\n<p style=\"margin-top:0;margin-bottom:0\">Para culminar esta experiencia, disfrutaremos de una <strong>exquisita experiencia gastron\u00f3mica en el hist\u00f3rico Barrio G\u00f3tico<\/strong>, a solo unos pasos del Born y la majestuosa Catedral del Mar, donde compartiremos an\u00e9cdotas y celebraremos esta aventura \u00fanica.<\/p>\n<\/div>\n<\/div>\n\n\n\n<div class=\"wp-block-uagb-container uagb-block-55a8eafc\">\n<figure class=\"wp-block-image size-large\"><img loading=\"lazy\" decoding=\"async\" width=\"1024\" height=\"683\" src=\"https:\/\/cu4trobikes.es\/wp-content\/uploads\/2025\/09\/20240324-IMG_3851-1024x683.jpg\" alt=\"\" class=\"wp-image-668\" style=\"aspect-ratio:4\/3;object-fit:cover\" srcset=\"https:\/\/cu4trobikes.es\/wp-content\/uploads\/2025\/09\/20240324-IMG_3851-1024x683.jpg 1024w, https:\/\/cu4trobikes.es\/wp-content\/uploads\/2025\/09\/20240324-IMG_3851-300x200.jpg 300w, https:\/\/cu4trobikes.es\/wp-content\/uploads\/2025\/09\/20240324-IMG_3851-600x400.jpg 600w, https:\/\/cu4trobikes.es\/wp-content\/uploads\/2025\/09\/20240324-IMG_3851-768x512.jpg 768w, https:\/\/cu4trobikes.es\/wp-content\/uploads\/2025\/09\/20240324-IMG_3851.jpg 1369w\" sizes=\"auto, (max-width: 1024px) 100vw, 1024px\" \/><\/figure>\n<\/div>\n<\/div><\/div>\n\n\n\n<div class=\"wp-block-uagb-container uagb-block-a4338d3f alignfull uagb-is-root-container\"><div class=\"uagb-container-inner-blocks-wrap\">\n<p class=\"has-text-align-center has-large-font-size\">Espera las inscripciones en los pr\u00f3ximos d\u00edas<\/p>\n<\/div><\/div>\n\n\n\n<p><\/p>\n","protected":false},"excerpt":{"rendered":"<p>LA SANT CUGAT RIDE &#8211; BARCELONA. TOUR DE FRANCE 2026 7 D\u00cdAS DE CICLISMO, CULTURA, FIESTA y GASTRONOM\u00cdA. DEL 29 DE JUNIO AL 5 DE JULIO 2026 \u00danete a nuestra aventura en Barcelona: Rueda, explora y vive el Tour de France 2026. Hemos dise\u00f1ado una experiencia de 7 d\u00edas para que combines tu pasi\u00f3n por &hellip;<\/p>\n<p class=\"read-more\"> <a class=\"\" href=\"https:\/\/cu4trobikes.es\/index.php\/savethedatetourdefrance2026barcelona\/\"> <span class=\"screen-reader-text\">SaveTheDateTourDeFrance2026Barcelona<\/span> Leer m\u00e1s &raquo;<\/a><\/p>\n","protected":false},"author":1,"featured_media":0,"parent":0,"menu_order":0,"comment_status":"closed","ping_status":"closed","template":"","meta":{"_uag_custom_page_level_css":"","site-sidebar-layout":"default","site-content-layout":"","ast-site-content-layout":"","site-content-style":"default","site-sidebar-style":"default","ast-global-header-display":"","ast-banner-title-visibility":"","ast-main-header-display":"","ast-hfb-above-header-display":"","ast-hfb-below-header-display":"","ast-hfb-mobile-header-display":"","site-post-title":"disabled","ast-breadcrumbs-content":"","ast-featured-img":"","footer-sml-layout":"","theme-transparent-header-meta":"","adv-header-id-meta":"","stick-header-meta":"","header-above-stick-meta":"","header-main-stick-meta":"","header-below-stick-meta":"","astra-migrate-meta-layouts":"","ast-page-background-enabled":"default","ast-page-background-meta":{"desktop":{"background-color":"var(--ast-global-color-4)","background-image":"","background-repeat":"repeat","background-position":"center center","background-size":"auto","background-attachment":"scroll","background-type":"","background-media":"","overlay-type":"","overlay-color":"","overlay-gradient":""},"tablet":{"background-color":"","background-image":"","background-repeat":"repeat","background-position":"center center","background-size":"auto","background-attachment":"scroll","background-type":"","background-media":"","overlay-type":"","overlay-color":"","overlay-gradient":""},"mobile":{"background-color":"","background-image":"","background-repeat":"repeat","background-position":"center center","background-size":"auto","background-attachment":"scroll","background-type":"","background-media":"","overlay-type":"","overlay-color":"","overlay-gradient":""}},"ast-content-background-meta":{"desktop":{"background-color":"var(--ast-global-color-5)","background-image":"","background-repeat":"repeat","background-position":"center center","background-size":"auto","background-attachment":"scroll","background-type":"","background-media":"","overlay-type":"","overlay-color":"","overlay-gradient":""},"tablet":{"background-color":"var(--ast-global-color-5)","background-image":"","background-repeat":"repeat","background-position":"center center","background-size":"auto","background-attachment":"scroll","background-type":"","background-media":"","overlay-type":"","overlay-color":"","overlay-gradient":""},"mobile":{"background-color":"var(--ast-global-color-5)","background-image":"","background-repeat":"repeat","background-position":"center center","background-size":"auto","background-attachment":"scroll","background-type":"","background-media":"","overlay-type":"","overlay-color":"","overlay-gradient":""}},"footnotes":""},"class_list":["post-800","page","type-page","status-publish","hentry"],"uagb_featured_image_src":{"full":false,"thumbnail":false,"medium":false,"medium_large":false,"large":false,"1536x1536":false,"2048x2048":false,"woocommerce_thumbnail":false,"woocommerce_single":false,"woocommerce_gallery_thumbnail":false},"uagb_author_info":{"display_name":"hectordh","author_link":"https:\/\/cu4trobikes.es\/index.php\/author\/hectordh\/"},"uagb_comment_info":0,"uagb_excerpt":"LA SANT CUGAT RIDE &#8211; BARCELONA. TOUR DE FRANCE 2026 7 D\u00cdAS DE CICLISMO, CULTURA, FIESTA y GASTRONOM\u00cdA. DEL 29 DE JUNIO AL 5 DE JULIO 2026 \u00danete a nuestra aventura en Barcelona: Rueda, explora y vive el Tour de France 2026. Hemos dise\u00f1ado una experiencia de 7 d\u00edas para que combines tu pasi\u00f3n por&hellip;","_links":{"self":[{"href":"https:\/\/cu4trobikes.es\/index.php\/wp-json\/wp\/v2\/pages\/800","targetHints":{"allow":["GET"]}}],"collection":[{"href":"https:\/\/cu4trobikes.es\/index.php\/wp-json\/wp\/v2\/pages"}],"about":[{"href":"https:\/\/cu4trobikes.es\/index.php\/wp-json\/wp\/v2\/types\/page"}],"author":[{"embeddable":true,"href":"https:\/\/cu4trobikes.es\/index.php\/wp-json\/wp\/v2\/users\/1"}],"replies":[{"embeddable":true,"href":"https:\/\/cu4trobikes.es\/index.php\/wp-json\/wp\/v2\/comments?post=800"}],"version-history":[{"count":2,"href":"https:\/\/cu4trobikes.es\/index.php\/wp-json\/wp\/v2\/pages\/800\/revisions"}],"predecessor-version":[{"id":803,"href":"https:\/\/cu4trobikes.es\/index.php\/wp-json\/wp\/v2\/pages\/800\/revisions\/803"}],"wp:attachment":[{"href":"https:\/\/cu4trobikes.es\/index.php\/wp-json\/wp\/v2\/media?parent=800"}],"curies":[{"name":"wp","href":"https:\/\/api.w.org\/{rel}","templated":true}]}}